{"id":5362,"date":"2021-09-14T18:24:59","date_gmt":"2021-09-14T18:24:59","guid":{"rendered":"https:\/\/vildana-foundation.ch\/?page_id=5362"},"modified":"2021-09-14T18:26:17","modified_gmt":"2021-09-14T18:26:17","slug":"botimi-i-librit","status":"publish","type":"page","link":"https:\/\/vildana-foundation.ch\/?page_id=5362&lang=sq","title":{"rendered":"Botimi i librit"},"content":{"rendered":"\n<style type=\"text\/css\" data-created_by=\"avia_inline_auto\" id=\"style-css-av-ktkemkom-305e27d14a442fab5ed9662ed30e3e78\">\n#top .av-special-heading.av-ktkemkom-305e27d14a442fab5ed9662ed30e3e78{\npadding-bottom:10px;\n}\nbody .av-special-heading.av-ktkemkom-305e27d14a442fab5ed9662ed30e3e78 .av-special-heading-tag .heading-char{\nfont-size:25px;\n}\n.av-special-heading.av-ktkemkom-305e27d14a442fab5ed9662ed30e3e78 .av-subheading{\nfont-size:15px;\n}\n<\/style>\n<div  class='av-special-heading av-ktkemkom-305e27d14a442fab5ed9662ed30e3e78 av-special-heading-h3  avia-builder-el-0  el_before_av_image  avia-builder-el-first '><h3 class='av-special-heading-tag '  itemprop=\"headline\"  >Botimi i librit: SHOQ\u00cbRI PA KULTUR\u00cb<\/h3><div class=\"special-heading-border\"><div class=\"special-heading-inner-border\"><\/div><\/div><\/div>\n\n<style type=\"text\/css\" data-created_by=\"avia_inline_auto\" id=\"style-css-av-4erzqq-01d04663e7c718c52365dc8531fda12a\">\n.avia-image-container.av-4erzqq-01d04663e7c718c52365dc8531fda12a img.avia_image{\nbox-shadow:none;\n}\n.avia-image-container.av-4erzqq-01d04663e7c718c52365dc8531fda12a .av-image-caption-overlay-center{\ncolor:#ffffff;\n}\n<\/style>\n<div  class='avia-image-container av-4erzqq-01d04663e7c718c52365dc8531fda12a av-styling- avia-align-left  avia-builder-el-1  el_after_av_heading  el_before_av_hr '   itemprop=\"image\" itemscope=\"itemscope\" itemtype=\"https:\/\/schema.org\/ImageObject\" ><div class=\"avia-image-container-inner\"><div class=\"avia-image-overlay-wrap\"><img decoding=\"async\" fetchpriority=\"high\" class='wp-image-5308 avia-img-lazy-loading-not-5308 avia_image ' src=\"https:\/\/vildana-foundation.ch\/wordpress\/wp-content\/uploads\/2021\/09\/FOTO-Libri-276x300.jpg\" alt='' title=''  height=\"300\" width=\"276\"  itemprop=\"thumbnailUrl\"  \/><\/div><\/div><\/div>\n<div  class='hr av-2wlbz6-f76488599ac8f19cf82b881c8fd21165 hr-default  avia-builder-el-2  el_after_av_image  el_before_av_textblock '><span class='hr-inner '><span class=\"hr-inner-style\"><\/span><\/span><\/div>\n<section  class='av_textblock_section av-ktkenftp-c5208cd924ee3d8460a3f05807d581fa '   itemscope=\"itemscope\" itemtype=\"https:\/\/schema.org\/CreativeWork\" ><div class='avia_textblock'  itemprop=\"text\" ><p>Fondacioni VILDANA-Foundation si nj\u00eb nism\u00eb premtuese q\u00eb jep kontributin e saj n\u00eb progresin e nevojsh\u00ebm urgjent, si dhe n\u00eb zhvillimin dhe promovimin e talent\u00ebve.<\/p>\n<p>Doli n\u00eb shitje libri i sociologut Labinot Kunushevci, nj\u00eb nd\u00ebr librat m\u00eb t\u00eb k\u00ebrkuar q\u00eb m\u00eb s\u00eb miri e shpjegon shoq\u00ebrin\u00eb kosovare n\u00eb kontekstin e realitetit kritik, botim nga &#8220;Artini&#8220; n\u00eb Prishtin\u00eb, 327 faqe, i strukturuar n\u00eb 5 kapituj, recensuar nga Prof. Ibrahim Berisha. Libri \u00ebsht\u00eb redaktuar nga Dem\u00eb Topalli dhe dizajnuar nga Arsim Murseli.<\/p>\n<p>Ai e ndan librin n\u00eb pes\u00eb kapituj, duke filluar me edukimin dhe kultur\u00ebn publike; pastaj me identitetin dhe konfliktin; Kosov\u00ebn si koloni t\u00eb harruar n\u00eb Kosov\u00eb; kic\u0327-akademizmin dhe universitetin; dhe e mbyll\u00eb me perspektiv\u00ebn e lavdishme t\u00eb fondacionit VILDANA-Foundation dhe rolit q\u00eb ka fondacioni n\u00eb kontributin me student\u00ebt e talentuar, nj\u00eb projekt i m\u00ebrgat\u00ebs shqiptare n\u00eb Zvic\u00ebr, q\u00eb po i ngjall\u00eb shpresat dhe po i zhvillon potencialet studentore, duke p\u00ebrshkruar themelimin, organizimin dhe suksesin e fondacionit.<\/p>\n<p>Labinoti n\u00eb k\u00ebt\u00eb lib\u00ebr ka shkruar p\u00ebr munges\u00ebn e nd\u00ebrgjegjes kolektive, p\u00ebr egoizmin dhe arroganc\u00ebn, p\u00ebr demagogjin\u00eb dhe mediokritetin, p\u00ebr keqp\u00ebrdorimet dhe abuzimet, p\u00ebr diskriminimet dhe padrejt\u00ebsit\u00eb, p\u00ebr d\u00ebshtimet dhe improvizimet, p\u00ebr komunikimet e pa p\u00ebrgjegjshme publike dhe privilegjet e pa merituara, p\u00ebr pseudointelektual\u00ebt dhe elit\u00ebn e korruptuar, p\u00ebr vendimet atipike t\u00eb institucioneve, p\u00ebr devijimet morale dhe mentalitetin primitiv, p\u00ebr hedonizmin si m\u00ebnyr\u00eb jetese dhe sjelljet e \u00e7oroditura si tragji-komendi moderne, p\u00ebr anomalit\u00eb dhe paradokset e jet\u00ebs s\u00eb p\u00ebrditshme, me nj\u00eb kritik\u00eb t\u00eb mpreht\u00eb sociologjike, duke iu dh\u00ebn\u00eb nj\u00eb goditje t\u00eb fort\u00eb thumbuese dhe satirizuese.<\/p>\n<p>N\u00eb an\u00ebn tjet\u00ebr, recensenti i librit, profesor Ibrahim Berisha, shkruan:<\/p>\n<p>&#8220;Libri p\u00ebrmban nj\u00eb vist\u00ebr temash sociologjike kryesisht, t\u00eb cilat, trajtohen n\u00eb qasje kritike, q\u00eb \u00ebsht\u00eb nj\u00eb nga mungesat e theksuara t\u00eb trajtimeve paraprake n\u00eb shkrimet sociologjike. N\u00eb aspektin zhanror, jan\u00eb t\u00eb kombinuara disa sosh, duke nd\u00ebrtuar profilin publik intelektual t\u00eb qart\u00eb dhe t\u00eb konsoliduar t\u00eb autorit. Cil\u00ebsia dhe p\u00ebrmbajtja e komunikimit publik, nj\u00eb tregues dometh\u00ebn\u00ebs i standardit dhe progresit, sado q\u00eb jan\u00eb nj\u00eb synim i proklamuar, madje edhe i normuar, nga hulumtimet e b\u00ebra t\u00eb autorit, dalin t\u00eb jen\u00eb ende larg t\u00eb k\u00ebrkuar\u00ebs dhe ende m\u00eb larg t\u00eb domosdoshmes. Autori shkruan p\u00ebr shoq\u00ebrin\u00eb e kriz\u00ebs edhe n\u00eb kontekste t\u00eb proceseve dhe tendencave sociale dhe kulturore duke dh\u00ebn\u00eb k\u00ebshtu kontribut t\u00eb vlefsh\u00ebm p\u00ebr t\u00eb kap\u00ebrcyer k\u00ebt\u00eb gjendje, si nj\u00eb pun\u00eb e domosdoshme p\u00ebr t\u00eb jetuar dhe prosperuar qytetari i Kosov\u00ebs n\u00eb nj\u00eb shoq\u00ebri t\u00eb synuar dhe t\u00eb duhur, me paqe dhe p\u00ebrgjegj\u00ebsi reale publike.&#8220;<\/p>\n<p>K\u00ebto dhe shum\u00eb tema t\u00eb tjera trajtohen nga sociologu Kunushevci, duke u mb\u00ebshtetur n\u00eb hulumtime, analiza, fakte, fenomene, p\u00ebrvoja, raste e realitete sociale, me nj\u00eb stil t\u00eb vec\u0327ant\u00eb shkrimi, me nj\u00eb sens t\u00eb lart\u00eb kritik dhe me nj\u00eb llojllojshm\u00ebri q\u00eb e b\u00ebn lexuesin kurreshtar, kritik dhe t\u00eb pasionuar t\u00eb ndjehet sikur po hyn n\u00eb nj\u00eb horizont t\u00eb gjer\u00eb me shum\u00eb ngjyra. Autori e p\u00ebrfshin edhe dimensionin human t\u00eb shoq\u00ebris\u00eb, duke sjell\u00eb p\u00ebr lexuesin vlerat themelore kulturore dhe emancipuese, n\u00eb vec\u0327anti solidaritetin, sakrific\u00ebn, p\u00ebrgjegj\u00ebsin\u00eb, humanizmin, komunikimin dhe sjelljen publike, me shembuj t\u00eb ndrysh\u00ebm nga jeta publike.<\/p>\n<p>Autori Labinot Kunushevci jeton n\u00eb Prishtin\u00eb. Ai ka mbaruar studimet master n\u00eb fush\u00ebn e sociologjis\u00eb dhe punon si m\u00ebsimdh\u00ebn\u00ebs i l\u00ebnd\u00ebve shoq\u00ebrore. Libri \u201cShoq\u00ebri pa Kultur\u00eb\u201d \u00ebsht\u00eb libri i tij i dyt\u00eb. Dhe gjithashtu ai \u00ebsht\u00eb kordinator dhe p\u00ebrfaq\u00ebsues profesional i VILDANA-Foundation.<\/p>\n<\/div><\/section>\n","protected":false},"excerpt":{"rendered":"","protected":false},"author":2,"featured_media":0,"parent":0,"menu_order":0,"comment_status":"closed","ping_status":"closed","template":"","meta":{"footnotes":""},"class_list":["post-5362","page","type-page","status-publish","hentry"],"_links":{"self":[{"href":"https:\/\/vildana-foundation.ch\/index.php?rest_route=\/wp\/v2\/pages\/5362","targetHints":{"allow":["GET"]}}],"collection":[{"href":"https:\/\/vildana-foundation.ch\/index.php?rest_route=\/wp\/v2\/pages"}],"about":[{"href":"https:\/\/vildana-foundation.ch\/index.php?rest_route=\/wp\/v2\/types\/page"}],"author":[{"embeddable":true,"href":"https:\/\/vildana-foundation.ch\/index.php?rest_route=\/wp\/v2\/users\/2"}],"replies":[{"embeddable":true,"href":"https:\/\/vildana-foundation.ch\/index.php?rest_route=%2Fwp%2Fv2%2Fcomments&post=5362"}],"version-history":[{"count":6,"href":"https:\/\/vildana-foundation.ch\/index.php?rest_route=\/wp\/v2\/pages\/5362\/revisions"}],"predecessor-version":[{"id":5368,"href":"https:\/\/vildana-foundation.ch\/index.php?rest_route=\/wp\/v2\/pages\/5362\/revisions\/5368"}],"wp:attachment":[{"href":"https:\/\/vildana-foundation.ch\/index.php?rest_route=%2Fwp%2Fv2%2Fmedia&parent=5362"}],"curies":[{"name":"wp","href":"https:\/\/api.w.org\/{rel}","templated":true}]}}